{"id":35,"date":"2021-02-01T17:44:11","date_gmt":"2021-02-01T17:44:11","guid":{"rendered":"http:\/\/www.ipalecek.cz\/?page_id=35"},"modified":"2021-02-01T17:57:11","modified_gmt":"2021-02-01T17:57:11","slug":"cyklistika","status":"publish","type":"page","link":"https:\/\/www.ipalecek.cz\/index.php\/cyklistika\/","title":{"rendered":"Cyklistika"},"content":{"rendered":"\n<p>Upraven\u00e1 t\u0159\u00edkolka<\/p>\n\n\n\n<p>Dojezd cca 30 km, v\u00fdm\u011bna p\u0159edstavce a \u0159id\u00edtek, zkr\u00e1cen\u00fd dr\u017e\u00e1k sedadla, v\u0161e m\u00e1 klasick\u00fd rozm\u011br jako maj\u00ed b\u011b\u017en\u00e1 kola. Dopln\u011bno o zrc\u00e1tka a nosi\u010d.<\/p>\n\n\n\n<!-- default-view.php -->\n<div\n\tclass=\"ngg-galleryoverview default-view \"\n\tid=\"ngg-gallery-cd2adbd4e23411aaa9b4d4b8fb795587-1\">\n\n\t\t<!-- Thumbnails -->\n\t\t\t\t<div id=\"ngg-image-0\" class=\"ngg-gallery-thumbnail-box \" >\n\t\t\t\t        <div class=\"ngg-gallery-thumbnail\">\n            <a href=\"https:\/\/www.ipalecek.cz\/wp-content\/gallery\/cyklistika\/elektrickysvet-mini.jpg\"\n               title=\"\"\n               data-src=\"https:\/\/www.ipalecek.cz\/wp-content\/gallery\/cyklistika\/elektrickysvet-mini.jpg\"\n               data-thumbnail=\"https:\/\/www.ipalecek.cz\/wp-content\/gallery\/cyklistika\/thumbs\/thumbs_elektrickysvet-mini.jpg\"\n               data-image-id=\"1\"\n               data-title=\"elektrickysvet-mini\"\n               data-description=\"\"\n               data-image-slug=\"elektrickysvet-mini\"\n               class=\"ngg-simplelightbox\" rel=\"cd2adbd4e23411aaa9b4d4b8fb795587\">\n                <img\n                    title=\"elektrickysvet-mini\"\n                    alt=\"elektrickysvet-mini\"\n                    src=\"https:\/\/www.ipalecek.cz\/wp-content\/gallery\/cyklistika\/thumbs\/thumbs_elektrickysvet-mini.jpg\"\n                    width=\"240\"\n                    height=\"160\"\n                    style=\"max-width:100%;\"\n                \/>\n            <\/a>\n        <\/div>\n\t\t\t\t\t\t\t<\/div> \n\t\t\t\n\t\t\t\t<div id=\"ngg-image-1\" class=\"ngg-gallery-thumbnail-box \" >\n\t\t\t\t        <div class=\"ngg-gallery-thumbnail\">\n            <a href=\"https:\/\/www.ipalecek.cz\/wp-content\/gallery\/cyklistika\/ira-chopper-mini.jpg\"\n               title=\"\"\n               data-src=\"https:\/\/www.ipalecek.cz\/wp-content\/gallery\/cyklistika\/ira-chopper-mini.jpg\"\n               data-thumbnail=\"https:\/\/www.ipalecek.cz\/wp-content\/gallery\/cyklistika\/thumbs\/thumbs_ira-chopper-mini.jpg\"\n               data-image-id=\"2\"\n               data-title=\"ira-chopper-mini\"\n               data-description=\"\"\n               data-image-slug=\"ira-chopper-mini\"\n               class=\"ngg-simplelightbox\" rel=\"cd2adbd4e23411aaa9b4d4b8fb795587\">\n                <img\n                    title=\"ira-chopper-mini\"\n                    alt=\"ira-chopper-mini\"\n                    src=\"https:\/\/www.ipalecek.cz\/wp-content\/gallery\/cyklistika\/thumbs\/thumbs_ira-chopper-mini.jpg\"\n                    width=\"240\"\n                    height=\"160\"\n                    style=\"max-width:100%;\"\n                \/>\n            <\/a>\n        <\/div>\n\t\t\t\t\t\t\t<\/div> \n\t\t\t\n\t\n\t<br style=\"clear: both\" \/>\n\n\t\n\t\t<!-- Pagination -->\n\t<div class='ngg-clear'><\/div>\t<\/div>\n\n\n\n\n<p><\/p>\n","protected":false},"excerpt":{"rendered":"<p>Upraven\u00e1 t\u0159\u00edkolka Dojezd cca 30 km, v\u00fdm\u011bna p\u0159edstavce a \u0159id\u00edtek, zkr\u00e1cen\u00fd dr\u017e\u00e1k sedadla, v\u0161e m\u00e1 klasick\u00fd rozm\u011br jako maj\u00ed b\u011b\u017en\u00e1 kola. Dopln\u011bno o zrc\u00e1tka a nosi\u010d.<\/p>\n","protected":false},"author":1,"featured_media":0,"parent":0,"menu_order":20,"comment_status":"closed","ping_status":"closed","template":"","meta":{"ngg_post_thumbnail":0},"_links":{"self":[{"href":"https:\/\/www.ipalecek.cz\/index.php\/wp-json\/wp\/v2\/pages\/35"}],"collection":[{"href":"https:\/\/www.ipalecek.cz\/index.php\/wp-json\/wp\/v2\/pages"}],"about":[{"href":"https:\/\/www.ipalecek.cz\/index.php\/wp-json\/wp\/v2\/types\/page"}],"author":[{"embeddable":true,"href":"https:\/\/www.ipalecek.cz\/index.php\/wp-json\/wp\/v2\/users\/1"}],"replies":[{"embeddable":true,"href":"https:\/\/www.ipalecek.cz\/index.php\/wp-json\/wp\/v2\/comments?post=35"}],"version-history":[{"count":3,"href":"https:\/\/www.ipalecek.cz\/index.php\/wp-json\/wp\/v2\/pages\/35\/revisions"}],"predecessor-version":[{"id":57,"href":"https:\/\/www.ipalecek.cz\/index.php\/wp-json\/wp\/v2\/pages\/35\/revisions\/57"}],"wp:attachment":[{"href":"https:\/\/www.ipalecek.cz\/index.php\/wp-json\/wp\/v2\/media?parent=35"}],"curies":[{"name":"wp","href":"https:\/\/api.w.org\/{rel}","templated":true}]}}